{"id":474,"date":"2016-02-07T18:23:13","date_gmt":"2016-02-07T18:23:13","guid":{"rendered":"http:\/\/heilerakademie.eu\/?page_id=474"},"modified":"2017-09-29T17:52:51","modified_gmt":"2017-09-29T17:52:51","slug":"impressionen","status":"publish","type":"page","link":"https:\/\/heilerakademie.eu\/?page_id=474","title":{"rendered":"Impressionen"},"content":{"rendered":"<p><img decoding=\"async\" src=\"http:\/\/www.heilerakademie.at\/images\/stories\/wald\/wald2.jpg\" alt=\"\" align=\"right\" border=\"0\" \/><strong>Zum 01.01.2013 haben wir die Pforten einer neuen Heilerakademie\u00a0in 3144 Pyhra-Wald, ganz in der N\u00e4he der nieder\u00f6sterreichischen Hauptstadt Sankt P\u00f6lten er\u00f6ffnet.<\/strong><\/p>\n<p><img loading=\"lazy\" decoding=\"async\" class=\"alignright size-medium wp-image-924\" style=\"color: #333333; font-style: normal; font-weight: 300;\" src=\"https:\/\/heilerakademie.eu\/wp-content\/uploads\/2016\/02\/20150813_142730-300x225.jpg\" alt=\"\" width=\"300\" height=\"225\" srcset=\"https:\/\/heilerakademie.eu\/wp-content\/uploads\/2016\/02\/20150813_142730-300x225.jpg 300w, https:\/\/heilerakademie.eu\/wp-content\/uploads\/2016\/02\/20150813_142730-768x576.jpg 768w, https:\/\/heilerakademie.eu\/wp-content\/uploads\/2016\/02\/20150813_142730-1024x768.jpg 1024w\" sizes=\"auto, (max-width: 300px) 100vw, 300px\" \/><\/p>\n<p>Das neue, 450 qm gro\u00dfe Zentrum f\u00fcr alternative Heilmethoden steht auf einem rund 4.000 qm gro\u00dfen Grund in herrlicher Natur direkt an einem wundersch\u00f6nen mystischen, kraftvollen Wald.<\/p>\n<p>Nur 15 Autominuten entfernt befindet sich sowohl der Autobahnanschluss St. P\u00f6lten-S\u00fcd der A1 (Salzburg-Wien) als auch die Barockstadt St. P\u00f6lten. Rund 40 Minuten Autofahrt &#8211; und man ist bereits in Wien.<\/p>\n<p>&nbsp;<\/p>\n<p>&nbsp;<\/p>\n<p>Es gibt ausreichend kostenlose Parkpl\u00e4tze direkt vor dem Haus, eine Bushaltestelle ebenfalls direkt vor dem Haus bringt Sie von und nach St. P\u00f6lten Hauptbahnhof.<\/p>\n<p>Sowohl in unserer Akademie, direkt im Ortsteil Wald, als auch im Hauptort Pyhra gibt es sehr g\u00fcnstige \u00dcbernachtungsm\u00f6glichkeiten bereits ab 25 EUR pro Nacht (siehe hierzu <a href=\"http:\/\/www.apartments-schloss-wald.at\" target=\"_blank\" rel=\"noopener\">www.apartments-schloss-wald.at<\/a>).<\/p>\n<p>Es gibt sehr gute Gasth\u00f6fe und Restaurants in der n\u00e4heren Umgebung. Nat\u00fcrlich kann man sich auch selbst seine Tagesverpflegung mitbringen. Die Zentralk\u00fcche steht leider f\u00fcr die Seminarteilnehmer zum Kochen oder Anrichten von Speisen nicht zur Verf\u00fcgung, da diese privat genutzt wird.<\/p>\n<p><img loading=\"lazy\" decoding=\"async\" class=\"alignright size-medium wp-image-925\" style=\"color: #333333; font-style: normal; font-weight: 300;\" src=\"https:\/\/heilerakademie.eu\/wp-content\/uploads\/2016\/02\/20150813_143557-300x225.jpg\" alt=\"\" width=\"300\" height=\"225\" srcset=\"https:\/\/heilerakademie.eu\/wp-content\/uploads\/2016\/02\/20150813_143557-300x225.jpg 300w, https:\/\/heilerakademie.eu\/wp-content\/uploads\/2016\/02\/20150813_143557-768x576.jpg 768w, https:\/\/heilerakademie.eu\/wp-content\/uploads\/2016\/02\/20150813_143557-1024x768.jpg 1024w\" sizes=\"auto, (max-width: 300px) 100vw, 300px\" \/><\/p>\n<p>Die Riesenterasse als auch die Liegewiesen laden zum Relaxen w\u00e4hrend der Pausen ein.<\/p>\n<p>Freuen Sie sich auf eines der sch\u00f6nsten Ausbildungszentren\u00a0\u00d6sterreichs.<\/p>\n<p>Namaste &#8211; <strong>Herzlich Willkommen im Paradies.<\/strong><\/p>\n<p>Ihr Wolfgang T. M\u00fcller<br \/>\nLeiter der Energetikerakademie\u00a0Europa<\/p>\n<hr \/>\n<p><strong>Fotoshow<\/strong><\/p>\n<p>Nachfolgende Bilder vermitteln einen kleinen Einblick in unser wundersch\u00f6nes Ausbildungs- und Begegnungszentrum in Pyhra-Wald \/ N\u00e4he St. P\u00f6lten.<\/p>\n<table border=\"0\" align=\"left\">\n<tbody>\n<tr>\n<td>\n<div class=\"img_caption none\">\n<p class=\"img_caption\"><img loading=\"lazy\" decoding=\"async\" class=\"wp-image-927 aligncenter\" src=\"https:\/\/heilerakademie.eu\/wp-content\/uploads\/2016\/02\/DSC01593-300x170.jpg\" alt=\"\" width=\"276\" height=\"161\" \/>Der Zugang zu unserer Akademie<\/p>\n<\/div>\n<\/td>\n<td align=\"center\">\n<div class=\"img_caption none\">\n<p><img loading=\"lazy\" decoding=\"async\" class=\"alignright size-medium wp-image-926\" src=\"https:\/\/heilerakademie.eu\/wp-content\/uploads\/2016\/02\/P1050850-300x225.jpg\" alt=\"\" width=\"300\" height=\"225\" srcset=\"https:\/\/heilerakademie.eu\/wp-content\/uploads\/2016\/02\/P1050850-300x225.jpg 300w, https:\/\/heilerakademie.eu\/wp-content\/uploads\/2016\/02\/P1050850-768x576.jpg 768w, https:\/\/heilerakademie.eu\/wp-content\/uploads\/2016\/02\/P1050850-1024x768.jpg 1024w\" sizes=\"auto, (max-width: 300px) 100vw, 300px\" \/><\/p>\n<p class=\"img_caption\">Der Innenhof der Akademie mit Eingangsbereich<\/p>\n<\/div>\n<\/td>\n<td><\/td>\n<td><\/td>\n<\/tr>\n<tr>\n<td>\n<div class=\"img_caption none\">\n<p><img loading=\"lazy\" decoding=\"async\" class=\"size-medium wp-image-928 aligncenter\" src=\"https:\/\/heilerakademie.eu\/wp-content\/uploads\/2016\/02\/20150823_175645-300x225.jpg\" alt=\"\" width=\"300\" height=\"225\" srcset=\"https:\/\/heilerakademie.eu\/wp-content\/uploads\/2016\/02\/20150823_175645-300x225.jpg 300w, https:\/\/heilerakademie.eu\/wp-content\/uploads\/2016\/02\/20150823_175645-768x576.jpg 768w, https:\/\/heilerakademie.eu\/wp-content\/uploads\/2016\/02\/20150823_175645-1024x768.jpg 1024w\" sizes=\"auto, (max-width: 300px) 100vw, 300px\" \/><\/p>\n<p class=\"img_caption\">Ausreichend kostenlose Parkpl\u00e4tze direkt vor der Akademie<\/p>\n<\/div>\n<\/td>\n<td align=\"center\">\n<div class=\"img_caption none\">\n<p>&nbsp;<\/p>\n<p class=\"img_caption\"><img loading=\"lazy\" decoding=\"async\" class=\" wp-image-929 aligncenter\" src=\"https:\/\/heilerakademie.eu\/wp-content\/uploads\/2016\/02\/P1050596-300x225.jpg\" alt=\"\" width=\"254\" height=\"195\" \/><\/p>\n<\/div>\n<\/td>\n<td>\n<p>&nbsp;<\/p>\n<p>&nbsp;<\/p>\n<p>&nbsp;<\/p>\n<p>&nbsp;<\/p>\n<p>&nbsp;<\/p>\n<p>&nbsp;<\/td>\n<td><\/td>\n<\/tr>\n<tr>\n<td>\n<div class=\"img_caption none\">\n<p><img loading=\"lazy\" decoding=\"async\" class=\"caption\" title=\"In der gro\u00dfen Empfangshalle\" src=\"http:\/\/www.heilerakademie.at\/images\/stories\/wald\/p1050683.jpg\" alt=\"Empfangshalle\" width=\"262\" height=\"199\" border=\"0\" \/><\/p>\n<p class=\"img_caption\">In der gro\u00dfen Empfangshalle<\/p>\n<\/div>\n<\/td>\n<td>\n<div class=\"img_caption none\">\n<p><img loading=\"lazy\" decoding=\"async\" class=\"caption\" title=\"Der Aufgang zu den Seminar- und Behandlungsr\u00e4umen\" src=\"http:\/\/www.heilerakademie.at\/images\/stories\/wald\/p1050685.jpg\" alt=\"Treppenhaus\" width=\"258\" height=\"197\" border=\"0\" \/><\/p>\n<p class=\"img_caption\">Der Aufgang zu den Seminar- und Behandlungsr\u00e4umen<\/p>\n<\/div>\n<\/td>\n<td><\/td>\n<td><\/td>\n<\/tr>\n<tr>\n<td>\n<div class=\"img_caption none\">\n<p><img loading=\"lazy\" decoding=\"async\" class=\"caption\" title=\"Der lange, lichtdurchflutete Gang zu den Seminarr\u00e4umen\" src=\"http:\/\/www.heilerakademie.at\/images\/stories\/wald\/p1050601.jpg\" alt=\"Seminaretage\" width=\"273\" height=\"207\" border=\"0\" \/><\/p>\n<p class=\"img_caption\">Der lange, lichtdurchflutete Gang zu den Seminarr\u00e4umen<\/p>\n<\/div>\n<\/td>\n<td>\n<div class=\"img_caption none\">\n<p><img decoding=\"async\" class=\"caption\" title=\"Der gro\u00dfe Seminarraum (ca. 50 qm) mit roter Buddha-Lounge\" src=\"http:\/\/www.heilerakademie.at\/images\/stories\/wald\/p1050618.jpg\" alt=\"grosser Seminarraum\" border=\"0\" \/><\/p>\n<p class=\"img_caption\">Der gro\u00dfe Seminarraum (ca. 50 qm) mit roter Buddha-Lounge<\/p>\n<\/div>\n<\/td>\n<td><\/td>\n<td><\/td>\n<\/tr>\n<tr>\n<td>\n<div class=\"img_caption none\">\n<p><img loading=\"lazy\" decoding=\"async\" class=\"caption\" title=\"Die Buddha-Lounge im gro\u00dfen Seminarraum - zum Innehalten und Ausruhen.\" src=\"http:\/\/www.heilerakademie.at\/images\/stories\/wald\/p1050610.jpg\" alt=\"Buddha-Lounge\" width=\"255\" height=\"194\" border=\"0\" \/><\/p>\n<p class=\"img_caption\">Die Buddha-Lounge im gro\u00dfen Seminarraum &#8211; zum Innehalten und Ausruhen.<\/p>\n<\/div>\n<\/td>\n<td>\n<div class=\"img_caption none\">\n<p><img decoding=\"async\" class=\"caption\" title=\"Der gro\u00dfe Seminarraum - fotografiert von der Buddha-Lounge-Ecke\" src=\"http:\/\/www.heilerakademie.at\/images\/stories\/wald\/p1050615.jpg\" alt=\"grosser Seminarraum 2\" border=\"0\" \/><\/p>\n<p class=\"img_caption\">Der gro\u00dfe Seminarraum &#8211; fotografiert von der Buddha-Lounge-Ecke<\/p>\n<\/div>\n<\/td>\n<td><\/td>\n<td><\/td>\n<\/tr>\n<tr>\n<td>\n<div class=\"img_caption none\">\n<p><img loading=\"lazy\" decoding=\"async\" class=\"caption\" title=\"Die gem\u00fctliche schneewei\u00dfe Spirit-Lounge - der sch\u00f6nste Pausenplatz\" src=\"http:\/\/www.heilerakademie.at\/images\/stories\/wald\/p1050645.jpg\" alt=\"Spirit-Lounge\" width=\"276\" height=\"210\" border=\"0\" \/><\/p>\n<p class=\"img_caption\">Die gem\u00fctliche schneewei\u00dfe Spirit-Lounge &#8211; der sch\u00f6nste Pausenplatz<\/p>\n<\/div>\n<\/td>\n<td>\n<div class=\"img_caption none\">\n<p><img loading=\"lazy\" decoding=\"async\" class=\"caption\" title=\"Die gem\u00fctliche, helle Spirit-Lounge von einem anderen Blickwinkel aus gesehen\" src=\"http:\/\/www.heilerakademie.at\/images\/stories\/wald\/p1050647.jpg\" alt=\"Spirit-Lounge\" width=\"250\" height=\"191\" border=\"0\" \/><\/p>\n<p class=\"img_caption\">Die gem\u00fctliche, helle Spirit-Lounge von einem anderen Blickwinkel aus gesehen<\/p>\n<\/div>\n<\/td>\n<td><\/td>\n<td><\/td>\n<\/tr>\n<tr>\n<td>\n<div class=\"img_caption none\">\n<p><img loading=\"lazy\" decoding=\"async\" class=\"caption\" title=\"F\u00fcr einen guten Tee aus dem Samowar oder einen frisch aufgebr\u00fchten Espresso aus der Saeco-Kaffeemaschine ist immer Zeit und Mu\u00dfe\" src=\"http:\/\/www.heilerakademie.at\/images\/stories\/wald\/p1050609.jpg\" alt=\"Kaffeebar\" width=\"265\" height=\"201\" border=\"0\" \/><\/p>\n<p class=\"img_caption\">F\u00fcr einen guten Tee aus dem Samowar oder einen frisch aufgebr\u00fchten Espresso aus der Saeco-Kaffeemaschine ist immer Zeit und Mu\u00dfe<\/p>\n<\/div>\n<\/td>\n<td>\n<div class=\"img_caption none\">\n<p><img decoding=\"async\" class=\"caption\" title=\"Das Herrenzimmer METATRON - hier praktiziert der Leiter des Heilzentrums zumeist pers\u00f6nlich\" src=\"http:\/\/www.heilerakademie.at\/images\/stories\/wald\/p1050629.jpg\" alt=\"Metatronzimmer\" border=\"0\" \/><\/p>\n<p class=\"img_caption\">Das Herrenzimmer METATRON &#8211; hier praktiziert der Leiter des Heilzentrums zumeist pers\u00f6nlich<\/p>\n<\/div>\n<\/td>\n<td><\/td>\n<td><\/td>\n<\/tr>\n<tr>\n<td>\n<div class=\"img_caption none\">\n<p><img loading=\"lazy\" decoding=\"async\" class=\"caption\" title=\"Einer der vielen Praxis-R\u00e4ume - das helle und lichtdurchflutete Engelzimmer\" src=\"http:\/\/www.heilerakademie.at\/images\/stories\/wald\/p1050631.jpg\" alt=\"Engelzimmer\" width=\"245\" height=\"186\" border=\"0\" \/><\/p>\n<p class=\"img_caption\">Einer der vielen Praxis-R\u00e4ume &#8211; das helle und lichtdurchflutete Engelzimmer<\/p>\n<\/div>\n<\/td>\n<td>\n<div class=\"img_caption none\">\n<p><img decoding=\"async\" class=\"caption\" title=\"Das Engelzimmer mit Behandlungsliege von einer anderen Perspektive\" src=\"http:\/\/www.heilerakademie.at\/images\/stories\/wald\/p1050635.jpg\" alt=\"Engelzimmer 2\" border=\"0\" \/><\/p>\n<p class=\"img_caption\">Das Engelzimmer mit Behandlungsliege von einer anderen Perspektive<\/p>\n<\/div>\n<\/td>\n<td><\/td>\n<td><\/td>\n<\/tr>\n<tr>\n<td><\/td>\n<td><\/td>\n<\/tr>\n<tr>\n<td>\n<div class=\"img_caption none\">\n<p><img loading=\"lazy\" decoding=\"async\" class=\"caption\" title=\"So zeigt sich das Heilzentrum f\u00fcr die Waldspazierg\u00e4nger \" src=\"http:\/\/www.heilerakademie.at\/images\/stories\/wald\/p1050748.jpg\" alt=\"Das Heilzentrum\" width=\"255\" height=\"194\" border=\"0\" \/><\/p>\n<p class=\"img_caption\">So zeigt sich das Zentrum f\u00fcr die Waldspazierg\u00e4nger<\/p>\n<\/div>\n<\/td>\n<td align=\"center\">\n<div class=\"img_caption none\">\n<p><img decoding=\"async\" class=\"caption\" title=\"Viele Elfen \u00fcberall auf dem gro\u00dfen Terrain bewachen und besch\u00fctzen uns\" src=\"http:\/\/www.heilerakademie.at\/images\/stories\/wald\/p1050742.jpg\" alt=\"Elfe\" border=\"0\" \/><\/p>\n<p class=\"img_caption\">Viele Elfen \u00fcberall auf dem gro\u00dfen Terrain bewachen und besch\u00fctzen uns<\/p>\n<\/div>\n<\/td>\n<\/tr>\n<\/tbody>\n<\/table>\n<p>&nbsp;<\/p>\n","protected":false},"excerpt":{"rendered":"<p>Zum 01.01.2013 haben wir die Pforten einer neuen Heilerakademie\u00a0in 3144 Pyhra-Wald, ganz in der N\u00e4he der nieder\u00f6sterreichischen Hauptstadt Sankt P\u00f6lten er\u00f6ffnet. Das neue, 450 qm gro\u00dfe Zentrum f\u00fcr alternative Heilmethoden steht auf einem rund 4.000 qm gro\u00dfen Grund in herrlicher &hellip; <a href=\"https:\/\/heilerakademie.eu\/?page_id=474\">Weiterlesen <span class=\"meta-nav\">&rarr;<\/span><\/a><\/p>\n","protected":false},"author":1,"featured_media":0,"parent":0,"menu_order":0,"comment_status":"closed","ping_status":"closed","template":"","meta":{"footnotes":""},"class_list":["post-474","page","type-page","status-publish","hentry"],"yoast_head":"<!-- This site is optimized with the Yoast SEO plugin v28.3 - https:\/\/yoast.com\/product\/yoast-seo-wordpress\/ -->\n<title>Impressionen - HEILERAKADEMIE EUROPA<\/title>\n<meta name=\"robots\" content=\"index, follow, max-snippet:-1, max-image-preview:large, max-video-preview:-1\" \/>\n<link rel=\"canonical\" href=\"https:\/\/heilerakademie.eu\/?page_id=474\" \/>\n<meta property=\"og:locale\" content=\"de_DE\" \/>\n<meta property=\"og:type\" content=\"article\" \/>\n<meta property=\"og:title\" content=\"Impressionen - HEILERAKADEMIE EUROPA\" \/>\n<meta property=\"og:description\" content=\"Zum 01.01.2013 haben wir die Pforten einer neuen Heilerakademie\u00a0in 3144 Pyhra-Wald, ganz in der N\u00e4he der nieder\u00f6sterreichischen Hauptstadt Sankt P\u00f6lten er\u00f6ffnet. Das neue, 450 qm gro\u00dfe Zentrum f\u00fcr alternative Heilmethoden steht auf einem rund 4.000 qm gro\u00dfen Grund in herrlicher &hellip; Weiterlesen &rarr;\" \/>\n<meta property=\"og:url\" content=\"https:\/\/heilerakademie.eu\/?page_id=474\" \/>\n<meta property=\"og:site_name\" content=\"HEILERAKADEMIE EUROPA\" \/>\n<meta property=\"article:modified_time\" content=\"2017-09-29T17:52:51+00:00\" \/>\n<meta property=\"og:image\" content=\"http:\/\/www.heilerakademie.at\/images\/stories\/wald\/wald2.jpg\" \/>\n<meta name=\"twitter:label1\" content=\"Gesch\u00e4tzte Lesezeit\" \/>\n\t<meta name=\"twitter:data1\" content=\"2\u00a0Minuten\" \/>\n<script type=\"application\/ld+json\" class=\"yoast-schema-graph\">{\"@context\":\"https:\\\/\\\/schema.org\",\"@graph\":[{\"@type\":\"WebPage\",\"@id\":\"https:\\\/\\\/heilerakademie.eu\\\/?page_id=474\",\"url\":\"https:\\\/\\\/heilerakademie.eu\\\/?page_id=474\",\"name\":\"Impressionen - HEILERAKADEMIE EUROPA\",\"isPartOf\":{\"@id\":\"https:\\\/\\\/heilerakademie.eu\\\/#website\"},\"primaryImageOfPage\":{\"@id\":\"https:\\\/\\\/heilerakademie.eu\\\/?page_id=474#primaryimage\"},\"image\":{\"@id\":\"https:\\\/\\\/heilerakademie.eu\\\/?page_id=474#primaryimage\"},\"thumbnailUrl\":\"http:\\\/\\\/www.heilerakademie.at\\\/images\\\/stories\\\/wald\\\/wald2.jpg\",\"datePublished\":\"2016-02-07T18:23:13+00:00\",\"dateModified\":\"2017-09-29T17:52:51+00:00\",\"breadcrumb\":{\"@id\":\"https:\\\/\\\/heilerakademie.eu\\\/?page_id=474#breadcrumb\"},\"inLanguage\":\"de\",\"potentialAction\":[{\"@type\":\"ReadAction\",\"target\":[\"https:\\\/\\\/heilerakademie.eu\\\/?page_id=474\"]}]},{\"@type\":\"ImageObject\",\"inLanguage\":\"de\",\"@id\":\"https:\\\/\\\/heilerakademie.eu\\\/?page_id=474#primaryimage\",\"url\":\"http:\\\/\\\/www.heilerakademie.at\\\/images\\\/stories\\\/wald\\\/wald2.jpg\",\"contentUrl\":\"http:\\\/\\\/www.heilerakademie.at\\\/images\\\/stories\\\/wald\\\/wald2.jpg\"},{\"@type\":\"BreadcrumbList\",\"@id\":\"https:\\\/\\\/heilerakademie.eu\\\/?page_id=474#breadcrumb\",\"itemListElement\":[{\"@type\":\"ListItem\",\"position\":1,\"name\":\"Home\",\"item\":\"https:\\\/\\\/heilerakademie.eu\\\/\"},{\"@type\":\"ListItem\",\"position\":2,\"name\":\"Impressionen\"}]},{\"@type\":\"WebSite\",\"@id\":\"https:\\\/\\\/heilerakademie.eu\\\/#website\",\"url\":\"https:\\\/\\\/heilerakademie.eu\\\/\",\"name\":\"HEILERAKADEMIE EUROPA\",\"description\":\"Akademie f\u00fcr Alternative Heilungsmethoden und Energiemedizin\",\"potentialAction\":[{\"@type\":\"SearchAction\",\"target\":{\"@type\":\"EntryPoint\",\"urlTemplate\":\"https:\\\/\\\/heilerakademie.eu\\\/?s={search_term_string}\"},\"query-input\":{\"@type\":\"PropertyValueSpecification\",\"valueRequired\":true,\"valueName\":\"search_term_string\"}}],\"inLanguage\":\"de\"}]}<\/script>\n<!-- \/ Yoast SEO plugin. -->","yoast_head_json":{"title":"Impressionen - HEILERAKADEMIE EUROPA","robots":{"index":"index","follow":"follow","max-snippet":"max-snippet:-1","max-image-preview":"max-image-preview:large","max-video-preview":"max-video-preview:-1"},"canonical":"https:\/\/heilerakademie.eu\/?page_id=474","og_locale":"de_DE","og_type":"article","og_title":"Impressionen - HEILERAKADEMIE EUROPA","og_description":"Zum 01.01.2013 haben wir die Pforten einer neuen Heilerakademie\u00a0in 3144 Pyhra-Wald, ganz in der N\u00e4he der nieder\u00f6sterreichischen Hauptstadt Sankt P\u00f6lten er\u00f6ffnet. Das neue, 450 qm gro\u00dfe Zentrum f\u00fcr alternative Heilmethoden steht auf einem rund 4.000 qm gro\u00dfen Grund in herrlicher &hellip; Weiterlesen &rarr;","og_url":"https:\/\/heilerakademie.eu\/?page_id=474","og_site_name":"HEILERAKADEMIE EUROPA","article_modified_time":"2017-09-29T17:52:51+00:00","og_image":[{"url":"http:\/\/www.heilerakademie.at\/images\/stories\/wald\/wald2.jpg","type":"","width":"","height":""}],"twitter_misc":{"Gesch\u00e4tzte Lesezeit":"2\u00a0Minuten"},"schema":{"@context":"https:\/\/schema.org","@graph":[{"@type":"WebPage","@id":"https:\/\/heilerakademie.eu\/?page_id=474","url":"https:\/\/heilerakademie.eu\/?page_id=474","name":"Impressionen - HEILERAKADEMIE EUROPA","isPartOf":{"@id":"https:\/\/heilerakademie.eu\/#website"},"primaryImageOfPage":{"@id":"https:\/\/heilerakademie.eu\/?page_id=474#primaryimage"},"image":{"@id":"https:\/\/heilerakademie.eu\/?page_id=474#primaryimage"},"thumbnailUrl":"http:\/\/www.heilerakademie.at\/images\/stories\/wald\/wald2.jpg","datePublished":"2016-02-07T18:23:13+00:00","dateModified":"2017-09-29T17:52:51+00:00","breadcrumb":{"@id":"https:\/\/heilerakademie.eu\/?page_id=474#breadcrumb"},"inLanguage":"de","potentialAction":[{"@type":"ReadAction","target":["https:\/\/heilerakademie.eu\/?page_id=474"]}]},{"@type":"ImageObject","inLanguage":"de","@id":"https:\/\/heilerakademie.eu\/?page_id=474#primaryimage","url":"http:\/\/www.heilerakademie.at\/images\/stories\/wald\/wald2.jpg","contentUrl":"http:\/\/www.heilerakademie.at\/images\/stories\/wald\/wald2.jpg"},{"@type":"BreadcrumbList","@id":"https:\/\/heilerakademie.eu\/?page_id=474#breadcrumb","itemListElement":[{"@type":"ListItem","position":1,"name":"Home","item":"https:\/\/heilerakademie.eu\/"},{"@type":"ListItem","position":2,"name":"Impressionen"}]},{"@type":"WebSite","@id":"https:\/\/heilerakademie.eu\/#website","url":"https:\/\/heilerakademie.eu\/","name":"HEILERAKADEMIE EUROPA","description":"Akademie f\u00fcr Alternative Heilungsmethoden und Energiemedizin","potentialAction":[{"@type":"SearchAction","target":{"@type":"EntryPoint","urlTemplate":"https:\/\/heilerakademie.eu\/?s={search_term_string}"},"query-input":{"@type":"PropertyValueSpecification","valueRequired":true,"valueName":"search_term_string"}}],"inLanguage":"de"}]}},"_links":{"self":[{"href":"https:\/\/heilerakademie.eu\/index.php?rest_route=\/wp\/v2\/pages\/474","targetHints":{"allow":["GET"]}}],"collection":[{"href":"https:\/\/heilerakademie.eu\/index.php?rest_route=\/wp\/v2\/pages"}],"about":[{"href":"https:\/\/heilerakademie.eu\/index.php?rest_route=\/wp\/v2\/types\/page"}],"author":[{"embeddable":true,"href":"https:\/\/heilerakademie.eu\/index.php?rest_route=\/wp\/v2\/users\/1"}],"replies":[{"embeddable":true,"href":"https:\/\/heilerakademie.eu\/index.php?rest_route=%2Fwp%2Fv2%2Fcomments&post=474"}],"version-history":[{"count":5,"href":"https:\/\/heilerakademie.eu\/index.php?rest_route=\/wp\/v2\/pages\/474\/revisions"}],"predecessor-version":[{"id":930,"href":"https:\/\/heilerakademie.eu\/index.php?rest_route=\/wp\/v2\/pages\/474\/revisions\/930"}],"wp:attachment":[{"href":"https:\/\/heilerakademie.eu\/index.php?rest_route=%2Fwp%2Fv2%2Fmedia&parent=474"}],"curies":[{"name":"wp","href":"https:\/\/api.w.org\/{rel}","templated":true}]}}